{"id":18,"date":"2025-07-14T15:37:06","date_gmt":"2025-07-14T15:37:06","guid":{"rendered":"https:\/\/jairocubillos.com\/?page_id=18"},"modified":"2025-07-17T23:36:21","modified_gmt":"2025-07-17T23:36:21","slug":"sobre-jairo-cubillos-fisioterapeuta","status":"publish","type":"page","link":"https:\/\/jairocubillos.com\/index.php\/sobre-jairo-cubillos-fisioterapeuta\/","title":{"rendered":"Sobre Jairo Cubillos Fisioterapeuta"},"content":{"rendered":"\n[et_pb_section fb_built=\u00bb1&#8243; admin_label=\u00bbHeader\u00bb _builder_version=\u00bb4.27.4&#8243; _module_preset=\u00bb62730a13-410d-4135-b222-17dfbc374d4b\u00bb background_image=\u00bbhttps:\/\/jairocubillos.com\/wp-content\/uploads\/2025\/07\/hospital-02.jpg\u00bb collapsed=\u00bbon\u00bb global_colors_info=\u00bb{}\u00bb][et_pb_row column_structure=\u00bb1_2,1_2&#8243; use_custom_gutter=\u00bbon\u00bb gutter_width=\u00bb1&#8243; _builder_version=\u00bb4.27.4&#8243; _module_preset=\u00bbdefault\u00bb custom_padding=\u00bb||0px||false|false\u00bb global_colors_info=\u00bb{}\u00bb][et_pb_column type=\u00bb1_2&#8243; _builder_version=\u00bb4.27.4&#8243; _module_preset=\u00bbdefault\u00bb global_colors_info=\u00bb{}\u00bb][et_pb_heading title=\u00bbFisioterapeuta\u00bb _builder_version=\u00bb4.27.4&#8243; _module_preset=\u00bbf26cbfc5-3b83-4968-8d75-2dd2d51593d0&#8243; title_text_color=\u00bb#FFFFFF\u00bb hover_enabled=\u00bb0&#8243; global_colors_info=\u00bb{}\u00bb sticky_enabled=\u00bb0&#8243;][\/et_pb_heading][et_pb_heading title=\u00bbJairo Cubillos\u00bb _builder_version=\u00bb4.27.4&#8243; _module_preset=\u00bb729d8f6d-2fca-4fb5-b201-3eea15d1fb6c\u00bb title_text_color=\u00bb#FFFFFF\u00bb custom_margin=\u00bb||30px||false|false\u00bb global_colors_info=\u00bb{}\u00bb][\/et_pb_heading][\/et_pb_column][et_pb_column type=\u00bb1_2&#8243; _builder_version=\u00bb4.27.4&#8243; _module_preset=\u00bb61632078-470e-4460-b174-c8d87fa83d45&#8243; global_colors_info=\u00bb{}\u00bb][et_pb_video src=\u00bbhttps:\/\/jairocubillos.com\/wp-content\/uploads\/2025\/07\/Jairo-Cubillos-Artrosis-de-Rodilla.mp4&#8243; _builder_version=\u00bb4.27.4&#8243; _module_preset=\u00bba344c655-bee9-4e66-b9c5-98fe19438339&#8243; custom_margin=\u00bb||30px||false|false\u00bb hover_enabled=\u00bb0&#8243; global_colors_info=\u00bb{}\u00bb title_text=\u00bbJairo Cubillos Artrosis de Rodilla\u00bb sticky_enabled=\u00bb0&#8243;][\/et_pb_video][et_pb_heading title=\u00bb\u00bfC\u00f3mo tratar tu artrosis de rodilla?\u00bb _builder_version=\u00bb4.27.4&#8243; _module_preset=\u00bb8711724b-c345-4504-85f9-9bbb680e15f9&#8243; custom_margin=\u00bb||10px||false|false\u00bb hover_enabled=\u00bb0&#8243; global_colors_info=\u00bb{}\u00bb sticky_enabled=\u00bb0&#8243;][\/et_pb_heading][et_pb_text _builder_version=\u00bb4.27.4&#8243; _module_preset=\u00bb3c96ca04-09b9-4fae-92fe-227bafffc2cd\u00bb hover_enabled=\u00bb0&#8243; global_colors_info=\u00bb{}\u00bb sticky_enabled=\u00bb0&#8243;]<p>Reproduce el video y mira las opciones que tienes si padeces de esta condici\u00f3n.<\/p>[\/et_pb_text][\/et_pb_column][\/et_pb_row][\/et_pb_section][et_pb_section fb_built=\u00bb1&#8243; admin_label=\u00bbAbout\u00bb _builder_version=\u00bb4.27.4&#8243; _module_preset=\u00bbdefault\u00bb collapsed=\u00bbon\u00bb global_colors_info=\u00bb{}\u00bb][et_pb_row _builder_version=\u00bb4.27.4&#8243; _module_preset=\u00bbdefault\u00bb global_colors_info=\u00bb{}\u00bb][et_pb_column type=\u00bb4_4&#8243; _builder_version=\u00bb4.27.4&#8243; _module_preset=\u00bbdefault\u00bb global_colors_info=\u00bb{}\u00bb][et_pb_heading title=\u00bbSobre m\u00ed\u00bb _builder_version=\u00bb4.27.4&#8243; _module_preset=\u00bbc5d6d5db-7edc-4bfb-875b-f9c3c4276c85&#8243; global_colors_info=\u00bb{}\u00bb][\/et_pb_heading][et_pb_text _builder_version=\u00bb4.27.4&#8243; _module_preset=\u00bbf62c6b84-ba7e-448e-a53c-ba6238083301&#8243; global_colors_info=\u00bb{}\u00bb]<p>Soy un fisioterapeuta comprometido con el abordaje integral del dolor neuromusculoesquel\u00e9tico, enfocado desde un modelo biopsicosocial. Me he especializado en la prescripci\u00f3n y programaci\u00f3n del ejercicio terap\u00e9utico en personas con dolor cr\u00f3nico y en procesos postoperatorios de ortopedia.<\/p>\n<p>Mi prop\u00f3sito profesional es contribuir significativamente a la recuperaci\u00f3n funcional de los pacientes, ayud\u00e1ndoles a recuperar su calidad de vida y sentido de prop\u00f3sito cuando el dolor o la p\u00e9rdida del movimiento corporal afectan su bienestar.<\/p>[\/et_pb_text][\/et_pb_column][\/et_pb_row][\/et_pb_section][et_pb_section fb_built=\u00bb1&#8243; admin_label=\u00bbAbout\u00bb _builder_version=\u00bb4.27.4&#8243; _module_preset=\u00bbdefault\u00bb collapsed=\u00bbon\u00bb global_colors_info=\u00bb{}\u00bb][et_pb_row _builder_version=\u00bb4.27.4&#8243; _module_preset=\u00bbdefault\u00bb global_colors_info=\u00bb{}\u00bb][et_pb_column type=\u00bb4_4&#8243; _builder_version=\u00bb4.27.4&#8243; _module_preset=\u00bbdefault\u00bb global_colors_info=\u00bb{}\u00bb][et_pb_heading title=\u00bbFormaci\u00f3n Acad\u00e9mica\u00bb _builder_version=\u00bb4.27.4&#8243; _module_preset=\u00bbc5d6d5db-7edc-4bfb-875b-f9c3c4276c85&#8243; global_colors_info=\u00bb{}\u00bb][\/et_pb_heading][et_pb_text _builder_version=\u00bb4.27.4&#8243; _module_preset=\u00bbf62c6b84-ba7e-448e-a53c-ba6238083301&#8243; hover_enabled=\u00bb0&#8243; global_colors_info=\u00bb{}\u00bb sticky_enabled=\u00bb0&#8243;]<p>Fisioterapeuta, Fundaci\u00f3n Universitaria Mar\u00eda Cano \u2013 Egresado en 2020<br \/>Diplomado en Medicina del F\u00fatbol, avalado por la FIFA \u2013 Finalizado el 24 de junio de 2020<\/p>[\/et_pb_text][\/et_pb_column][\/et_pb_row][\/et_pb_section][et_pb_section fb_built=\u00bb1&#8243; admin_label=\u00bbAbout\u00bb _builder_version=\u00bb4.27.4&#8243; _module_preset=\u00bbdefault\u00bb collapsed=\u00bbon\u00bb global_colors_info=\u00bb{}\u00bb][et_pb_row _builder_version=\u00bb4.27.4&#8243; _module_preset=\u00bbdefault\u00bb global_colors_info=\u00bb{}\u00bb][et_pb_column type=\u00bb4_4&#8243; _builder_version=\u00bb4.27.4&#8243; _module_preset=\u00bbdefault\u00bb global_colors_info=\u00bb{}\u00bb][et_pb_heading title=\u00bbExperiencia\u00bb _builder_version=\u00bb4.27.4&#8243; _module_preset=\u00bbc5d6d5db-7edc-4bfb-875b-f9c3c4276c85&#8243; global_colors_info=\u00bb{}\u00bb][\/et_pb_heading][et_pb_text _builder_version=\u00bb4.27.4&#8243; _module_preset=\u00bbf62c6b84-ba7e-448e-a53c-ba6238083301&#8243; hover_enabled=\u00bb0&#8243; global_colors_info=\u00bb{}\u00bb sticky_enabled=\u00bb0&#8243;]<p>Terapia intensiva en Hospital Universitario Hernando Moncaleano Perdomo 2022 a 2024<\/p>\n<p>Terapia intensiva en Cl\u00ednica Uros, 2024 hasta la fecha<\/p>\n<p>Consulta de rehabilitaci\u00f3n f\u00edsica 2022\u00a0hasta\u00a0la\u00a0fecha<\/p>[\/et_pb_text][\/et_pb_column][\/et_pb_row][\/et_pb_section]\n","protected":false},"excerpt":{"rendered":"<p>Reproduce el video y mira las opciones que tienes si padeces de esta condici\u00f3n.Soy un fisioterapeuta comprometido con el abordaje integral del dolor neuromusculoesquel\u00e9tico, enfocado desde un modelo biopsicosocial. Me he especializado en la prescripci\u00f3n y programaci\u00f3n del ejercicio terap\u00e9utico en personas con dolor cr\u00f3nico y en procesos postoperatorios de ortopedia. Mi prop\u00f3sito profesional es [&hellip;]<\/p>\n","protected":false},"author":1,"featured_media":0,"parent":0,"menu_order":0,"comment_status":"closed","ping_status":"closed","template":"","meta":{"_et_pb_use_builder":"on","_et_pb_old_content":"","_et_gb_content_width":"","footnotes":""},"class_list":["post-18","page","type-page","status-publish","hentry"],"_links":{"self":[{"href":"https:\/\/jairocubillos.com\/index.php\/wp-json\/wp\/v2\/pages\/18","targetHints":{"allow":["GET"]}}],"collection":[{"href":"https:\/\/jairocubillos.com\/index.php\/wp-json\/wp\/v2\/pages"}],"about":[{"href":"https:\/\/jairocubillos.com\/index.php\/wp-json\/wp\/v2\/types\/page"}],"author":[{"embeddable":true,"href":"https:\/\/jairocubillos.com\/index.php\/wp-json\/wp\/v2\/users\/1"}],"replies":[{"embeddable":true,"href":"https:\/\/jairocubillos.com\/index.php\/wp-json\/wp\/v2\/comments?post=18"}],"version-history":[{"count":6,"href":"https:\/\/jairocubillos.com\/index.php\/wp-json\/wp\/v2\/pages\/18\/revisions"}],"predecessor-version":[{"id":103,"href":"https:\/\/jairocubillos.com\/index.php\/wp-json\/wp\/v2\/pages\/18\/revisions\/103"}],"wp:attachment":[{"href":"https:\/\/jairocubillos.com\/index.php\/wp-json\/wp\/v2\/media?parent=18"}],"curies":[{"name":"wp","href":"https:\/\/api.w.org\/{rel}","templated":true}]}}